{"version":"1.0","provider_name":"WIEGO","provider_url":"https:\/\/www.wiego.org\/fr\/","title":"\u00c9cole WIEGO : L\u2019\u00e9ducation donne le pouvoir aux organisations de travailleuse\u00b7eur\u00b7s de transformer leurs vies et leurs soci\u00e9t\u00e9s !","type":"rich","width":600,"height":338,"html":"<blockquote class=\"wp-embedded-content\" data-secret=\"et6aRQCIiy\"><a href=\"https:\/\/www.wiego.org\/fr\/nouvelles\/inauguration-ecole-wiego\/\">\u00c9cole WIEGO : L\u2019\u00e9ducation donne le pouvoir aux organisations de travailleuse\u00b7eur\u00b7s de transformer leurs vies et leurs soci\u00e9t\u00e9s !<\/a><\/blockquote><iframe sandbox=\"allow-scripts\" security=\"restricted\" src=\"https:\/\/www.wiego.org\/fr\/nouvelles\/inauguration-ecole-wiego\/embed\/#?secret=et6aRQCIiy\" width=\"600\" height=\"338\" title=\"&#8220;\u00c9cole WIEGO : L\u2019\u00e9ducation donne le pouvoir aux organisations de travailleuse\u00b7eur\u00b7s de transformer leurs vies et leurs soci\u00e9t\u00e9s !&#8221; &#8212; WIEGO\" data-secret=\"et6aRQCIiy\" frameborder=\"0\" marginwidth=\"0\" marginheight=\"0\" scrolling=\"no\" class=\"wp-embedded-content\"><\/iframe><script type=\"text\/javascript\">\n\/* <![CDATA[ *\/\n\/*! This file is auto-generated *\/\n!function(d,l){\"use strict\";l.querySelector&&d.addEventListener&&\"undefined\"!=typeof URL&&(d.wp=d.wp||{},d.wp.receiveEmbedMessage||(d.wp.receiveEmbedMessage=function(e){var t=e.data;if((t||t.secret||t.message||t.value)&&!\/[^a-zA-Z0-9]\/.test(t.secret)){for(var s,r,n,a=l.querySelectorAll('iframe[data-secret=\"'+t.secret+'\"]'),o=l.querySelectorAll('blockquote[data-secret=\"'+t.secret+'\"]'),c=new RegExp(\"^https?:$\",\"i\"),i=0;i<o.length;i++)o[i].style.display=\"none\";for(i=0;i<a.length;i++)s=a[i],e.source===s.contentWindow&&(s.removeAttribute(\"style\"),\"height\"===t.message?(1e3<(r=parseInt(t.value,10))?r=1e3:~~r<200&&(r=200),s.height=r):\"link\"===t.message&&(r=new URL(s.getAttribute(\"src\")),n=new URL(t.value),c.test(n.protocol))&&n.host===r.host&&l.activeElement===s&&(d.top.location.href=t.value))}},d.addEventListener(\"message\",d.wp.receiveEmbedMessage,!1),l.addEventListener(\"DOMContentLoaded\",function(){for(var e,t,s=l.querySelectorAll(\"iframe.wp-embedded-content\"),r=0;r<s.length;r++)(t=(e=s[r]).getAttribute(\"data-secret\"))||(t=Math.random().toString(36).substring(2,12),e.src+=\"#?secret=\"+t,e.setAttribute(\"data-secret\",t)),e.contentWindow.postMessage({message:\"ready\",secret:t},\"*\")},!1)))}(window,document);\n\/\/# sourceURL=https:\/\/www.wiego.org\/wp-includes\/js\/wp-embed.min.js\n\/* ]]> *\/\n<\/script>\n","thumbnail_url":"http:\/\/www.wiego.org\/wp-content\/uploads\/2022\/05\/WIEGO_School_Thumb.jpg","thumbnail_width":600,"thumbnail_height":387,"description":"L\u2019\u00c9cole WIEGO d\u00e9bute \u00e0 un moment o\u00f9 les quatre secteurs \u2013les travailleuses domestiques, les travailleuse\u00b7eur\u00b7s \u00e0 domicile, les vendeuse\u00b7eur\u00b7s de rue et de march\u00e9, et les r\u00e9cup\u00e9ratrice\u00b7eur\u00b7s de mat\u00e9riaux\u2013 se sont organis\u00e9\u00b7e\u00b7s \u00e0 l\u2019\u00e9chelle mondiale pour avoir une voix dans les d\u00e9cisions politiques pour un grand nombre de travailleuse\u00b7eur\u00b7s de l\u2019informel."}