{"version":"1.0","provider_name":"WIEGO","provider_url":"https:\/\/www.wiego.org\/fr\/","title":"\u00c0 Davos, une \u00e9vidence pass\u00e9e sous silence : fiscalit\u00e9 et \u00e9conomie informelle face \u00e0 la crise imminente de l\u2019emploi","type":"rich","width":600,"height":338,"html":"<blockquote class=\"wp-embedded-content\" data-secret=\"b4mhi4uFHy\"><a href=\"https:\/\/www.wiego.org\/fr\/blog\/davos-evidence-passee-fiscalite-economie-informelle\/\">\u00c0 Davos, une \u00e9vidence pass\u00e9e sous silence : fiscalit\u00e9 et \u00e9conomie informelle face \u00e0 la crise imminente de l\u2019emploi<\/a><\/blockquote><iframe sandbox=\"allow-scripts\" security=\"restricted\" src=\"https:\/\/www.wiego.org\/fr\/blog\/davos-evidence-passee-fiscalite-economie-informelle\/embed\/#?secret=b4mhi4uFHy\" width=\"600\" height=\"338\" title=\"&#8220;\u00c0 Davos, une \u00e9vidence pass\u00e9e sous silence : fiscalit\u00e9 et \u00e9conomie informelle face \u00e0 la crise imminente de l\u2019emploi&#8221; &#8212; WIEGO\" data-secret=\"b4mhi4uFHy\" frameborder=\"0\" marginwidth=\"0\" marginheight=\"0\" scrolling=\"no\" class=\"wp-embedded-content\"><\/iframe><script type=\"text\/javascript\">\n\/* <![CDATA[ *\/\n\/*! This file is auto-generated *\/\n!function(d,l){\"use strict\";l.querySelector&&d.addEventListener&&\"undefined\"!=typeof URL&&(d.wp=d.wp||{},d.wp.receiveEmbedMessage||(d.wp.receiveEmbedMessage=function(e){var t=e.data;if((t||t.secret||t.message||t.value)&&!\/[^a-zA-Z0-9]\/.test(t.secret)){for(var s,r,n,a=l.querySelectorAll('iframe[data-secret=\"'+t.secret+'\"]'),o=l.querySelectorAll('blockquote[data-secret=\"'+t.secret+'\"]'),c=new RegExp(\"^https?:$\",\"i\"),i=0;i<o.length;i++)o[i].style.display=\"none\";for(i=0;i<a.length;i++)s=a[i],e.source===s.contentWindow&&(s.removeAttribute(\"style\"),\"height\"===t.message?(1e3<(r=parseInt(t.value,10))?r=1e3:~~r<200&&(r=200),s.height=r):\"link\"===t.message&&(r=new URL(s.getAttribute(\"src\")),n=new URL(t.value),c.test(n.protocol))&&n.host===r.host&&l.activeElement===s&&(d.top.location.href=t.value))}},d.addEventListener(\"message\",d.wp.receiveEmbedMessage,!1),l.addEventListener(\"DOMContentLoaded\",function(){for(var e,t,s=l.querySelectorAll(\"iframe.wp-embedded-content\"),r=0;r<s.length;r++)(t=(e=s[r]).getAttribute(\"data-secret\"))||(t=Math.random().toString(36).substring(2,12),e.src+=\"#?secret=\"+t,e.setAttribute(\"data-secret\",t)),e.contentWindow.postMessage({message:\"ready\",secret:t},\"*\")},!1)))}(window,document);\n\/\/# sourceURL=https:\/\/www.wiego.org\/wp-includes\/js\/wp-embed.min.js\n\/* ]]> *\/\n<\/script>\n","thumbnail_url":"https:\/\/www.wiego.org\/wp-content\/uploads\/2026\/02\/WIEGO-Blog_Tax-Justice_Thumbnail.jpg","thumbnail_width":2048,"thumbnail_height":1365,"description":"Alors que les dirigeant\u00b7e\u00b7s du monde entier se sont r\u00e9uni\u00b7e\u00b7s en janvier \u00e0 Davos, en Suisse, \u00e0 l\u2019occasion de la 56e r\u00e9union annuelle du Forum \u00e9conomique mondial, les incertitudes g\u00e9opolitiques, l\u2019\u00e9mergence de nouvelles technologies et la transformation rapide des relations commerciales se sont impos\u00e9es comme des d\u00e9fis majeurs pour le monde du travail. Pour la [&hellip;]"}