{"version":"1.0","provider_name":"WIEGO","provider_url":"https:\/\/www.wiego.org\/es\/","title":"WIEGO lamenta la p\u00e9rdida de Guillermo P\u00e9rez","type":"rich","width":600,"height":338,"html":"<blockquote class=\"wp-embedded-content\" data-secret=\"0zBtovQmOp\"><a href=\"https:\/\/www.wiego.org\/es\/noticias\/wiego-lamenta-la-perdida-de-guillermo-perez\/\">WIEGO lamenta la p\u00e9rdida de Guillermo P\u00e9rez<\/a><\/blockquote><iframe sandbox=\"allow-scripts\" security=\"restricted\" src=\"https:\/\/www.wiego.org\/es\/noticias\/wiego-lamenta-la-perdida-de-guillermo-perez\/embed\/#?secret=0zBtovQmOp\" width=\"600\" height=\"338\" title=\"&#8220;WIEGO lamenta la p\u00e9rdida de Guillermo P\u00e9rez&#8221; &#8212; WIEGO\" data-secret=\"0zBtovQmOp\" frameborder=\"0\" marginwidth=\"0\" marginheight=\"0\" scrolling=\"no\" class=\"wp-embedded-content\"><\/iframe><script type=\"text\/javascript\">\n\/* <![CDATA[ *\/\n\/*! This file is auto-generated *\/\n!function(d,l){\"use strict\";l.querySelector&&d.addEventListener&&\"undefined\"!=typeof URL&&(d.wp=d.wp||{},d.wp.receiveEmbedMessage||(d.wp.receiveEmbedMessage=function(e){var t=e.data;if((t||t.secret||t.message||t.value)&&!\/[^a-zA-Z0-9]\/.test(t.secret)){for(var s,r,n,a=l.querySelectorAll('iframe[data-secret=\"'+t.secret+'\"]'),o=l.querySelectorAll('blockquote[data-secret=\"'+t.secret+'\"]'),c=new RegExp(\"^https?:$\",\"i\"),i=0;i<o.length;i++)o[i].style.display=\"none\";for(i=0;i<a.length;i++)s=a[i],e.source===s.contentWindow&&(s.removeAttribute(\"style\"),\"height\"===t.message?(1e3<(r=parseInt(t.value,10))?r=1e3:~~r<200&&(r=200),s.height=r):\"link\"===t.message&&(r=new URL(s.getAttribute(\"src\")),n=new URL(t.value),c.test(n.protocol))&&n.host===r.host&&l.activeElement===s&&(d.top.location.href=t.value))}},d.addEventListener(\"message\",d.wp.receiveEmbedMessage,!1),l.addEventListener(\"DOMContentLoaded\",function(){for(var e,t,s=l.querySelectorAll(\"iframe.wp-embedded-content\"),r=0;r<s.length;r++)(t=(e=s[r]).getAttribute(\"data-secret\"))||(t=Math.random().toString(36).substring(2,12),e.src+=\"#?secret=\"+t,e.setAttribute(\"data-secret\",t)),e.contentWindow.postMessage({message:\"ready\",secret:t},\"*\")},!1)))}(window,document);\n\/\/# sourceURL=https:\/\/www.wiego.org\/wp-includes\/js\/wp-embed.min.js\n\/* ]]> *\/\n<\/script>\n","thumbnail_url":"https:\/\/www.wiego.org\/wp-content\/uploads\/2020\/08\/Guillermo-Pe\u0301rez-Herrera.jpg","thumbnail_width":1140,"thumbnail_height":430,"description":"La comunidad que anida para el trabajo de WIEGO en Per\u00fa - que incluye miembros del equipo de WIEGO, socios, dirigentes y miembros de asociaciones de trabajadores, sindicatos, federaciones, colegas y amigos - , comparte con el coraz\u00f3n lleno de pesar, la noticia de que nuestro \u00fanico Guillermo P\u00e9rez ha partido de nuestro lado."}