{"version":"1.0","provider_name":"WIEGO","provider_url":"https:\/\/www.wiego.org\/es\/","title":"Audiencia p\u00fablica sobre \u201cImpacto de las pol\u00edticas sociales en personas trabajadoras de la econom\u00eda popular en Argentina\u201d ante la Comisi\u00f3n Interamericana de Derechos Humanos (CIDH)","type":"rich","width":600,"height":338,"html":"<blockquote class=\"wp-embedded-content\" data-secret=\"DtL8u10oWW\"><a href=\"https:\/\/www.wiego.org\/es\/events\/politicas-sociales-economia-popular-argentina-cidh\/\">Audiencia p\u00fablica sobre \u201cImpacto de las pol\u00edticas sociales en personas trabajadoras de la econom\u00eda popular en Argentina\u201d ante la Comisi\u00f3n Interamericana de Derechos Humanos (CIDH)<\/a><\/blockquote><iframe sandbox=\"allow-scripts\" security=\"restricted\" src=\"https:\/\/www.wiego.org\/es\/events\/politicas-sociales-economia-popular-argentina-cidh\/embed\/#?secret=DtL8u10oWW\" width=\"600\" height=\"338\" title=\"&#8220;Audiencia p\u00fablica sobre \u201cImpacto de las pol\u00edticas sociales en personas trabajadoras de la econom\u00eda popular en Argentina\u201d ante la Comisi\u00f3n Interamericana de Derechos Humanos (CIDH)&#8221; &#8212; WIEGO\" data-secret=\"DtL8u10oWW\" frameborder=\"0\" marginwidth=\"0\" marginheight=\"0\" scrolling=\"no\" class=\"wp-embedded-content\"><\/iframe><script type=\"text\/javascript\">\n\/* <![CDATA[ *\/\n\/*! This file is auto-generated *\/\n!function(d,l){\"use strict\";l.querySelector&&d.addEventListener&&\"undefined\"!=typeof URL&&(d.wp=d.wp||{},d.wp.receiveEmbedMessage||(d.wp.receiveEmbedMessage=function(e){var t=e.data;if((t||t.secret||t.message||t.value)&&!\/[^a-zA-Z0-9]\/.test(t.secret)){for(var s,r,n,a=l.querySelectorAll('iframe[data-secret=\"'+t.secret+'\"]'),o=l.querySelectorAll('blockquote[data-secret=\"'+t.secret+'\"]'),c=new RegExp(\"^https?:$\",\"i\"),i=0;i<o.length;i++)o[i].style.display=\"none\";for(i=0;i<a.length;i++)s=a[i],e.source===s.contentWindow&&(s.removeAttribute(\"style\"),\"height\"===t.message?(1e3<(r=parseInt(t.value,10))?r=1e3:~~r<200&&(r=200),s.height=r):\"link\"===t.message&&(r=new URL(s.getAttribute(\"src\")),n=new URL(t.value),c.test(n.protocol))&&n.host===r.host&&l.activeElement===s&&(d.top.location.href=t.value))}},d.addEventListener(\"message\",d.wp.receiveEmbedMessage,!1),l.addEventListener(\"DOMContentLoaded\",function(){for(var e,t,s=l.querySelectorAll(\"iframe.wp-embedded-content\"),r=0;r<s.length;r++)(t=(e=s[r]).getAttribute(\"data-secret\"))||(t=Math.random().toString(36).substring(2,12),e.src+=\"#?secret=\"+t,e.setAttribute(\"data-secret\",t)),e.contentWindow.postMessage({message:\"ready\",secret:t},\"*\")},!1)))}(window,document);\n\/\/# sourceURL=https:\/\/www.wiego.org\/wp-includes\/js\/wp-embed.min.js\n\/* ]]> *\/\n<\/script>\n","thumbnail_url":"https:\/\/www.wiego.org\/wp-content\/uploads\/2025\/03\/Inter-American-Commission-on-Human-Rights_Thumbnail.jpg","thumbnail_width":744,"thumbnail_height":519,"description":"El Centro de Estudios Legales y Sociales (CELS), la Uni\u00f3n de Trabajadores y Trabajadoras de la Econom\u00eda Popular (UTEP) y WIEGO denunciar\u00e1n la regresividad de los derechos sociales de las personas trabajadoras de la econom\u00eda popular en la Argentina en audiencia p\u00fablica ante la Comisi\u00f3n Interamericana de Derechos Humanos. Dicha audiencia se realizar\u00e1 el d\u00eda [&hellip;]"}